{"version":"1.0","provider_name":"IESE","provider_url":"https:\/\/www.iese.edu\/es","title":"El Global Executive MBA del IESE, n\u00famero 7 del mundo y 3 de Europa seg\u00fan el ranking del FT","type":"rich","width":600,"height":338,"html":"<blockquote class=\"wp-embedded-content\" data-secret=\"G3CF6iZo7M\"><a href=\"https:\/\/www.iese.edu\/es\/noticias\/global-executive-mba-ranking-ft\/\">El Global Executive MBA del IESE, n\u00famero 7 del mundo y 3 de Europa seg\u00fan el ranking del FT<\/a><\/blockquote><iframe sandbox=\"allow-scripts\" security=\"restricted\" src=\"https:\/\/www.iese.edu\/es\/noticias\/global-executive-mba-ranking-ft\/embed\/#?secret=G3CF6iZo7M\" width=\"600\" height=\"338\" title=\"\u00abEl Global Executive MBA del IESE, n\u00famero 7 del mundo y 3 de Europa seg\u00fan el ranking del FT\u00bb \u2014 IESE\" data-secret=\"G3CF6iZo7M\" frameborder=\"0\" marginwidth=\"0\" marginheight=\"0\" scrolling=\"no\" class=\"wp-embedded-content\"><\/iframe><script type=\"text\/javascript\">\n\/* <![CDATA[ *\/\n\/*! This file is auto-generated *\/\n!function(d,l){\"use strict\";l.querySelector&&d.addEventListener&&\"undefined\"!=typeof URL&&(d.wp=d.wp||{},d.wp.receiveEmbedMessage||(d.wp.receiveEmbedMessage=function(e){var t=e.data;if((t||t.secret||t.message||t.value)&&!\/[^a-zA-Z0-9]\/.test(t.secret)){for(var s,r,n,a=l.querySelectorAll('iframe[data-secret=\"'+t.secret+'\"]'),o=l.querySelectorAll('blockquote[data-secret=\"'+t.secret+'\"]'),c=new RegExp(\"^https?:$\",\"i\"),i=0;i<o.length;i++)o[i].style.display=\"none\";for(i=0;i<a.length;i++)s=a[i],e.source===s.contentWindow&&(s.removeAttribute(\"style\"),\"height\"===t.message?(1e3<(r=parseInt(t.value,10))?r=1e3:~~r<200&&(r=200),s.height=r):\"link\"===t.message&&(r=new URL(s.getAttribute(\"src\")),n=new URL(t.value),c.test(n.protocol))&&n.host===r.host&&l.activeElement===s&&(d.top.location.href=t.value))}},d.addEventListener(\"message\",d.wp.receiveEmbedMessage,!1),l.addEventListener(\"DOMContentLoaded\",function(){for(var e,t,s=l.querySelectorAll(\"iframe.wp-embedded-content\"),r=0;r<s.length;r++)(t=(e=s[r]).getAttribute(\"data-secret\"))||(t=Math.random().toString(36).substring(2,12),e.src+=\"#?secret=\"+t,e.setAttribute(\"data-secret\",t)),e.contentWindow.postMessage({message:\"ready\",secret:t},\"*\")},!1)))}(window,document);\n\/\/# sourceURL=https:\/\/www.iese.edu\/es\/wp-includes\/js\/wp-embed.min.js\n\/* ]]> *\/\n<\/script>\n","thumbnail_url":"https:\/\/www.iese.edu\/es\/wp-content\/uploads\/sites\/2\/2021\/10\/20190227-GEMBA_BCN_1354_Web.jpg","thumbnail_width":1024,"thumbnail_height":570,"description":"El Global Executive MBA del IESE se encuentra entre los 10 mejores programas del mundo, seg\u00fan el ranking de Executive MBA del Financial Times para 2021. El IESE ocupa la s\u00e9ptima posici\u00f3n a nivel mundial y la tercera en Europa."}