{"id":2304,"date":"2020-07-16T21:34:21","date_gmt":"2020-07-16T21:34:21","guid":{"rendered":"https:\/\/www.iese.edu\/standout\/c-suite\/"},"modified":"2023-06-21T11:23:06","modified_gmt":"2023-06-21T11:23:06","slug":"ceos-consejeros","status":"publish","type":"page","link":"https:\/\/www.iese.edu\/standout\/es\/ceos-consejeros\/","title":{"rendered":"CEOs y Consejeros"},"content":{"rendered":"<div class=\"wpb-content-wrapper\"><p>[vc_row css=\u00bb.vc_custom_1559310255588{margin-top: 0px !important;margin-bottom: 0px !important;padding-top: 20px !important;padding-bottom: 0px !important;}\u00bb][vc_column][vc_column_text css_animation=\u00bbtop-to-bottom\u00bb css=\u00bb.vc_custom_1608113187422{padding-bottom: 20px !important;}\u00bb]<\/p>\n<h1 class=\"title-h1\">CEOs y Consejeros<\/h1>\n<p>[\/vc_column_text][\/vc_column][\/vc_row][vc_row full_width=\u00bbstretch_row_content_no_spaces\u00bb css=\u00bb.vc_custom_1626333148636{margin-top: 0px !important;margin-bottom: 0px !important;padding-top: 20px !important;padding-bottom: 0px !important;}\u00bb el_id=\u00bbcat-intern\u00bb custom_css_code=\u00bbLnZlcnNpb24tbmV3Lm5ld3MtZ3JpZCUyMC5wb3J0Zm9saW8taXRlbSUyMC5jYXB0aW9uJTIwLmdyaWQtcG9zdC1tZXRhJTIwLmdyaWQtcG9zdC1zaGFyZSUyMCU3QiUwQSUyMCUyMCUyMCUyMGRpc3BsYXklM0ElMjBub25lJTNCJTBBJTdE\u00bb][vc_column]<style>.portfolio.news-grid#style-d831322 .portfolio-item:not(.size-item), .preloader#style-preloader-d831322 .portfolio-item { padding: calc(0px\/2) !important; }.portfolio.news-grid#style-d831322 .portfolio-item.size-item { padding: 0 calc(0px\/2) !important; }.portfolio.news-grid#style-d831322 .portfolio-row, .preloader#style-preloader-d831322 .skeleton-posts.portfolio-row { margin: calc(-0px\/2); }.portfolio.news-grid#style-d831322.fullwidth-columns .portfolio-row { margin: calc(-0px\/2) 0; }.portfolio.news-grid#style-d831322 .fullwidth-block:not(.no-paddings) { padding-left: 0px; padding-right: 0px; }.portfolio.news-grid#style-d831322 .fullwidth-block .portfolio-row { padding-left: calc(0px\/2); padding-right: calc(0px\/2); }.portfolio.news-grid#style-d831322 .fullwidth-block .portfolio-top-panel { padding-left: 0px; padding-right: 0px; }.portfolio.news-grid#style-d831322.fullwidth-columns .with-filter-sidebar .filter-sidebar { padding-left: 0px; }.portfolio.news-grid#style-d831322.list-style.with-divider .portfolio-item .wrap:before { top: calc(-0px\/2); }.portfolio.news-grid#style-d831322 .portfolio-item:not(.custom-ratio, .double-item) .image-inner:not(.empty) { aspect-ratio: 1 !important; height: auto; }.portfolio.news-grid#style-d831322 .portfolio-item .caption .title span { letter-spacing: px !important; }.portfolio.news-grid#style-d831322 .portfolio-item .caption .title { color: #ffffff !important; }.portfolio.news-grid#style-d831322 .portfolio-item .caption .title > * { color: #ffffff !important; }.portfolio.news-grid#style-d831322 .portfolio-item .caption .title a { color: #ffffff !important; }.portfolio.news-grid#style-d831322 .portfolio-item .caption .post-author-date-separator { color: #ffffff !important; }.portfolio.news-grid#style-d831322 .portfolio-item .caption .post-date { color: #ffffff !important; }.portfolio.news-grid#style-d831322 .portfolio-item .caption .info .sep { color: #ffffff !important; border-left-color: #ffffff !important; }.portfolio.news-grid#style-d831322 .portfolio-item .caption .info a { color: #ffffff !important; }<\/style><style>.portfolio.news-grid#style-d831322 .portfolio-filters { text-align: center; }<\/style> <div class=\"portfolio-preloader-wrapper panel-sidebar-position-left\"> <div class=\"portfolio portfolio-grid extended-portfolio-grid news-grid no-padding portfolio-pagination-scroll portfolio-style-justified background-style-transparent title-style-light hover-new-circular title-on-hover caption-position-hover version-new loading-animation item-animation-move-up no-gaps hover-title columns-4 columns-tablet-2 columns-mobile-1 disable-isotope \" id=\"style-d831322\" data-style-uid=\"d831322\" data-portfolio-uid=\"grid_a4b1ea3\" data-current-page=\"1\" data-per-page=\"8\" data-next-page=\"2\" data-pages-count=\"4\" data-hover=\"circular\" data-portfolio-filter=\"[]\" data-portfolio-filter-attributes=\"null\" data-portfolio-filter-status=\"null\" data-portfolio-filter-price=\"null\" data-portfolio-filter-search=\"\"> <div class=\"portfolio-row-outer \"> <div class=\"portfolio-top-panel filter-type-default selected-only\"> <div class=\"portfolio-top-panel-row filter-style-buttons\"> <div class=\"portfolio-top-panel-left\"><div class=\"portfolio-filter-item portfolio-selected-filters left\"> <div class=\"portfolio-selected-filter-item clear-filters\"> Clear Filters\t<\/div> <\/div> <\/div> <div class=\"portfolio-top-panel-right\"> <\/div> <\/div> <\/div> <div class=\"row portfolio-row\"> <div class=\"portfolio-set clearfix\" data-max-row-height=\"280\"> <div class=\"portfolio-item ceos-consejeros general-es general-es-2 col-xs-12 col-sm-6 col-md-3 item-animations-not-inited post-hide-date appearance-type- post-6865 post type-post status-publish format-standard has-post-thumbnail category-ceos-consejeros category-general-es-2 category-general-es tag-career-es tag-general-management-es tag-skills-es\" data-default-sort=\"3\" data-sort-date=\"1771929252\"> <div class=\"wrap clearfix\"> <div class=\"image post-6865 post type-post status-publish format-standard has-post-thumbnail category-ceos-consejeros category-general-es-2 category-general-es tag-career-es tag-general-management-es tag-skills-es\"> <div class=\"image-inner \"> <div class=\"post-featured-content\"><a href=\"https:\/\/www.iese.edu\/standout\/es\/sucesion-ceo-tiempos-inciertos\/\"> <picture> <img src=\"https:\/\/www.iese.edu\/standout\/wp-content\/uploads\/2026\/02\/CEO-transitions-in-disruptive-times.jpg\" width=\"1000\" height=\"666\" class=\"img-responsive\" alt=\"CEO transitions in disruptive times\" \/> <\/picture> <\/a><\/div> <\/div> <div class=\"overlay\"> <div class=\"overlay-circle\"><\/div> <div class=\"links-wrapper\"> <div class=\"links\"> <div class=\"caption\"> <a href=\"https:\/\/www.iese.edu\/standout\/es\/sucesion-ceo-tiempos-inciertos\/\" class=\"portfolio-item-link\"> <span class=\"screen-reader-text\">Sucesi\u00f3n de CEOs en tiempos inciertos<\/span> <\/a> <div class=\"slide-content\"> <div class=\"slide-content-visible\"> <div class=\"title\"> <span class=\"title-h5 \">Sucesi\u00f3n de CEOs en tiempos inciertos<\/span> <\/div> <div class=\"info\"> <a class=\"additional-meta\" data-filter-type=\"taxonomies\" data-attr=\"category\" data-filter=\"ceos-consejeros\">CEOs y Consejeros<\/a><span class=\"sep\"><\/span> <a class=\"additional-meta\" data-filter-type=\"taxonomies\" data-attr=\"category\" data-filter=\"general-es\">General<\/a><span class=\"sep\"><\/span> <a class=\"additional-meta\" data-filter-type=\"taxonomies\" data-attr=\"category\" data-filter=\"general-es-2\">General<\/a> <\/div> <\/div> <div class=\"slide-content-hidden\"> <div class=\"description\"> <div class=\"subtitle\"> <span class=\"text-body\"><p>[vc_row css=\u00bb.vc_custom_1559140963143{margin-top: 0px !important;margin-bottom: 0px !important;padding-top: 0px !important;padding-bottom: 0px !important;}\u00bb][vc_column css=\u00bb.vc_custom_1559216895048{margin-top: 0px !important;margin-bottom: 0px !important;padding-top: 0px !important;padding-bottom: 0px !important;}\u00bb][vc_column_text css=\u00bb\u00bb&#8230;<\/p>\n<\/span> <\/div> <\/div> <div class=\"grid-post-meta clearfix without-likes\"> <div class=\"grid-post-meta-inner\"> <div class=\"grid-post-share\"> <a href=\"javascript: void(0);\" class=\"icon share\" role=\"button\" aria-label=\"Share\"><i class=\"default\"><\/i><\/a> <\/div> <div class=\"grid-post-meta-comments-likes\"> <\/div> <div class=\"portfolio-sharing-pane\"> <div class=\"socials-sharing socials socials-colored-hover\"> <a class=\"socials-item\" target=\"_blank\" href=\"https:\/\/www.facebook.com\/sharer\/sharer.php?u=https%3A%2F%2Fwww.iese.edu%2Fstandout%2Fes%2Fsucesion-ceo-tiempos-inciertos%2F\" title=\"Facebook\"><i class=\"socials-item-icon facebook\"><\/i><\/a> <a class=\"socials-item\" target=\"_blank\" href=\"https:\/\/twitter.com\/intent\/tweet?text=Sucesi%C3%B3n+de+CEOs+en+tiempos+inciertos&#038;url=https%3A%2F%2Fwww.iese.edu%2Fstandout%2Fes%2Fsucesion-ceo-tiempos-inciertos%2F\" title=\"Twitter\"><i class=\"socials-item-icon twitter\"><\/i><\/a> <a class=\"socials-item\" target=\"_blank\" href=\"https:\/\/pinterest.com\/pin\/create\/button\/?url=https%3A%2F%2Fwww.iese.edu%2Fstandout%2Fes%2Fsucesion-ceo-tiempos-inciertos%2F&#038;description=Sucesi%C3%B3n+de+CEOs+en+tiempos+inciertos&#038;media=https%3A%2F%2Fwww.iese.edu%2Fstandout%2Fwp-content%2Fuploads%2F2026%2F02%2FCEO-transitions-in-disruptive-times-thegem-blog-timeline-large.jpg\" title=\"Pinterest\"><i class=\"socials-item-icon pinterest\"><\/i><\/a> <a class=\"socials-item\" target=\"_blank\" href=\"https:\/\/www.tumblr.com\/widgets\/share\/tool?canonicalUrl=https%3A%2F%2Fwww.iese.edu%2Fstandout%2Fes%2Fsucesion-ceo-tiempos-inciertos%2F\" title=\"Tumblr\"><i class=\"socials-item-icon tumblr\"><\/i><\/a> <a class=\"socials-item\" target=\"_blank\" href=\"https:\/\/www.linkedin.com\/shareArticle?mini=true&#038;url=https%3A%2F%2Fwww.iese.edu%2Fstandout%2Fes%2Fsucesion-ceo-tiempos-inciertos%2F&#038;title=Sucesi%C3%B3n+de+CEOs+en+tiempos+inciertos&amp;summary=%5Bvc_row+css%3D%C2%BB.vc_custom_1559140963143%7Bmargin-top%3A+0px+%21important%3Bmargin-bottom%3A+0px+%21important%3Bpadding-top%3A+0px+%21important%3Bpadding-bottom%3A+0px+%21important%3B%7D%C2%BB%5D%5Bvc_column+css%3D%C2%BB.vc_custom_1559216895048%7Bmargin-top%3A+0px+%21important%3Bmargin-bottom%3A+0px+%21important%3Bpadding-top%3A+0px+%21important%3Bpadding-bottom%3A+0px+%21important%3B%7D%C2%BB%5D%5Bvc_column_text+css%3D%C2%BB%C2%BB...\" title=\"LinkedIn\"><i class=\"socials-item-icon linkedin\"><\/i><\/a> <a class=\"socials-item\" target=\"_blank\" href=\"https:\/\/www.reddit.com\/submit?url=https%3A%2F%2Fwww.iese.edu%2Fstandout%2Fes%2Fsucesion-ceo-tiempos-inciertos%2F&#038;title=Sucesi%C3%B3n+de+CEOs+en+tiempos+inciertos\" title=\"Reddit\"><i class=\"socials-item-icon reddit\"><\/i><\/a> <\/div> <\/div> <\/div> <\/div> <\/div> <\/div> <\/div> <\/div> <\/div> <\/div> <\/div> <\/div> <\/div> <div class=\"portfolio-item ceos-consejeros directivos-medios ejecutivos-senior general-es general-es-2 col-xs-12 col-sm-6 col-md-3 item-animations-not-inited post-hide-date appearance-type- post-6838 post type-post status-publish format-standard has-post-thumbnail category-ceos-consejeros category-directivos-medios category-ejecutivos-senior category-general-es category-general-es-2 tag-career-es tag-general-management-es tag-skills-es\" data-default-sort=\"3\" data-sort-date=\"1758285994\"> <div class=\"wrap clearfix\"> <div class=\"image post-6838 post type-post status-publish format-standard has-post-thumbnail category-ceos-consejeros category-directivos-medios category-ejecutivos-senior category-general-es category-general-es-2 tag-career-es tag-general-management-es tag-skills-es\"> <div class=\"image-inner \"> <div class=\"post-featured-content\"><a href=\"https:\/\/www.iese.edu\/standout\/es\/estrategia-datos-exito-ia\/\"> <picture> <img src=\"https:\/\/www.iese.edu\/standout\/wp-content\/uploads\/2025\/09\/Foto-StandOut-Data-Management.jpg\" width=\"1000\" height=\"666\" class=\"img-responsive\" alt=\"Foto StandOut Data Management\" \/> <\/picture> <\/a><\/div> <\/div> <div class=\"overlay\"> <div class=\"overlay-circle\"><\/div> <div class=\"links-wrapper\"> <div class=\"links\"> <div class=\"caption\"> <a href=\"https:\/\/www.iese.edu\/standout\/es\/estrategia-datos-exito-ia\/\" class=\"portfolio-item-link\"> <span class=\"screen-reader-text\">Estrategia de datos para gestionar la IA con \u00e9xito: ganar la carrera contra el tiempo<\/span> <\/a> <div class=\"slide-content\"> <div class=\"slide-content-visible\"> <div class=\"title\"> <span class=\"title-h5 \">Estrategia de datos para gestionar la IA con \u00e9xito: ganar la carrera contra el tiempo<\/span> <\/div> <div class=\"info\"> <a class=\"additional-meta\" data-filter-type=\"taxonomies\" data-attr=\"category\" data-filter=\"ceos-consejeros\">CEOs y Consejeros<\/a><span class=\"sep\"><\/span> <a class=\"additional-meta\" data-filter-type=\"taxonomies\" data-attr=\"category\" data-filter=\"directivos-medios\">Directivos medios<\/a><span class=\"sep\"><\/span> <a class=\"additional-meta\" data-filter-type=\"taxonomies\" data-attr=\"category\" data-filter=\"ejecutivos-senior\">Ejecutivos s\u00e9nior<\/a><span class=\"sep\"><\/span> <a class=\"additional-meta\" data-filter-type=\"taxonomies\" data-attr=\"category\" data-filter=\"general-es\">General<\/a><span class=\"sep\"><\/span> <a class=\"additional-meta\" data-filter-type=\"taxonomies\" data-attr=\"category\" data-filter=\"general-es-2\">General<\/a> <\/div> <\/div> <div class=\"slide-content-hidden\"> <div class=\"description\"> <div class=\"subtitle\"> <span class=\"text-body\"><p>[vc_row css=\u00bb.vc_custom_1559140963143{margin-top: 0px !important;margin-bottom: 0px !important;padding-top: 0px !important;padding-bottom: 0px !important;}\u00bb][vc_column css=\u00bb.vc_custom_1559216895048{margin-top: 0px !important;margin-bottom: 0px !important;padding-top: 0px !important;padding-bottom: 0px !important;}\u00bb][vc_column_text css=\u00bb\u00bb&#8230;<\/p>\n<\/span> <\/div> <\/div> <div class=\"grid-post-meta clearfix without-likes\"> <div class=\"grid-post-meta-inner\"> <div class=\"grid-post-share\"> <a href=\"javascript: void(0);\" class=\"icon share\" role=\"button\" aria-label=\"Share\"><i class=\"default\"><\/i><\/a> <\/div> <div class=\"grid-post-meta-comments-likes\"> <\/div> <div class=\"portfolio-sharing-pane\"> <div class=\"socials-sharing socials socials-colored-hover\"> <a class=\"socials-item\" target=\"_blank\" href=\"https:\/\/www.facebook.com\/sharer\/sharer.php?u=https%3A%2F%2Fwww.iese.edu%2Fstandout%2Fes%2Festrategia-datos-exito-ia%2F\" title=\"Facebook\"><i class=\"socials-item-icon facebook\"><\/i><\/a> <a class=\"socials-item\" target=\"_blank\" href=\"https:\/\/twitter.com\/intent\/tweet?text=Estrategia+de+datos+para+gestionar+la+IA+con+%C3%A9xito%3A+ganar+la+carrera+contra+el+tiempo&#038;url=https%3A%2F%2Fwww.iese.edu%2Fstandout%2Fes%2Festrategia-datos-exito-ia%2F\" title=\"Twitter\"><i class=\"socials-item-icon twitter\"><\/i><\/a> <a class=\"socials-item\" target=\"_blank\" href=\"https:\/\/pinterest.com\/pin\/create\/button\/?url=https%3A%2F%2Fwww.iese.edu%2Fstandout%2Fes%2Festrategia-datos-exito-ia%2F&#038;description=Estrategia+de+datos+para+gestionar+la+IA+con+%C3%A9xito%3A+ganar+la+carrera+contra+el+tiempo&#038;media=https%3A%2F%2Fwww.iese.edu%2Fstandout%2Fwp-content%2Fuploads%2F2025%2F09%2FFoto-StandOut-Data-Management-thegem-blog-timeline-large.jpg\" title=\"Pinterest\"><i class=\"socials-item-icon pinterest\"><\/i><\/a> <a class=\"socials-item\" target=\"_blank\" href=\"https:\/\/www.tumblr.com\/widgets\/share\/tool?canonicalUrl=https%3A%2F%2Fwww.iese.edu%2Fstandout%2Fes%2Festrategia-datos-exito-ia%2F\" title=\"Tumblr\"><i class=\"socials-item-icon tumblr\"><\/i><\/a> <a class=\"socials-item\" target=\"_blank\" href=\"https:\/\/www.linkedin.com\/shareArticle?mini=true&#038;url=https%3A%2F%2Fwww.iese.edu%2Fstandout%2Fes%2Festrategia-datos-exito-ia%2F&#038;title=Estrategia+de+datos+para+gestionar+la+IA+con+%C3%A9xito%3A+ganar+la+carrera+contra+el+tiempo&amp;summary=%5Bvc_row+css%3D%C2%BB.vc_custom_1559140963143%7Bmargin-top%3A+0px+%21important%3Bmargin-bottom%3A+0px+%21important%3Bpadding-top%3A+0px+%21important%3Bpadding-bottom%3A+0px+%21important%3B%7D%C2%BB%5D%5Bvc_column+css%3D%C2%BB.vc_custom_1559216895048%7Bmargin-top%3A+0px+%21important%3Bmargin-bottom%3A+0px+%21important%3Bpadding-top%3A+0px+%21important%3Bpadding-bottom%3A+0px+%21important%3B%7D%C2%BB%5D%5Bvc_column_text+css%3D%C2%BB%C2%BB...\" title=\"LinkedIn\"><i class=\"socials-item-icon linkedin\"><\/i><\/a> <a class=\"socials-item\" target=\"_blank\" href=\"https:\/\/www.reddit.com\/submit?url=https%3A%2F%2Fwww.iese.edu%2Fstandout%2Fes%2Festrategia-datos-exito-ia%2F&#038;title=Estrategia+de+datos+para+gestionar+la+IA+con+%C3%A9xito%3A+ganar+la+carrera+contra+el+tiempo\" title=\"Reddit\"><i class=\"socials-item-icon reddit\"><\/i><\/a> <\/div> <\/div> <\/div> <\/div> <\/div> <\/div> <\/div> <\/div> <\/div> <\/div> <\/div> <\/div> <\/div> <div class=\"portfolio-item ceos-consejeros general-es general-es-2 col-xs-12 col-sm-6 col-md-3 item-animations-not-inited post-hide-date appearance-type- post-6670 post type-post status-publish format-standard has-post-thumbnail category-ceos-consejeros category-general-es-2 category-general-es tag-general-management-es\" data-default-sort=\"3\" data-sort-date=\"1734609262\"> <div class=\"wrap clearfix\"> <div class=\"image post-6670 post type-post status-publish format-standard has-post-thumbnail category-ceos-consejeros category-general-es-2 category-general-es tag-general-management-es\"> <div class=\"image-inner \"> <div class=\"post-featured-content\"><a href=\"https:\/\/www.iese.edu\/standout\/es\/rol-chief-ai-officer-caio\/\"> <picture> <img src=\"https:\/\/www.iese.edu\/standout\/wp-content\/uploads\/2024\/12\/chief-Ai-officer.jpg\" width=\"1000\" height=\"666\" class=\"img-responsive\" alt=\"chief Ai officer\" \/> <\/picture> <\/a><\/div> <\/div> <div class=\"overlay\"> <div class=\"overlay-circle\"><\/div> <div class=\"links-wrapper\"> <div class=\"links\"> <div class=\"caption\"> <a href=\"https:\/\/www.iese.edu\/standout\/es\/rol-chief-ai-officer-caio\/\" class=\"portfolio-item-link\"> <span class=\"screen-reader-text\">El rol del Chief AI Officer (CAIO): gu\u00eda para liderar la transformaci\u00f3n hacia la inteligencia artificial<\/span> <\/a> <div class=\"slide-content\"> <div class=\"slide-content-visible\"> <div class=\"title\"> <span class=\"title-h5 \">El rol del Chief AI Officer (CAIO): gu\u00eda para liderar la transformaci\u00f3n hacia la inteligencia artificial<\/span> <\/div> <div class=\"info\"> <a class=\"additional-meta\" data-filter-type=\"taxonomies\" data-attr=\"category\" data-filter=\"ceos-consejeros\">CEOs y Consejeros<\/a><span class=\"sep\"><\/span> <a class=\"additional-meta\" data-filter-type=\"taxonomies\" data-attr=\"category\" data-filter=\"general-es\">General<\/a><span class=\"sep\"><\/span> <a class=\"additional-meta\" data-filter-type=\"taxonomies\" data-attr=\"category\" data-filter=\"general-es-2\">General<\/a> <\/div> <\/div> <div class=\"slide-content-hidden\"> <div class=\"description\"> <div class=\"subtitle\"> <span class=\"text-body\"><p>[vc_row css=\u00bb.vc_custom_1559140963143{margin-top: 0px !important;margin-bottom: 0px !important;padding-top: 0px !important;padding-bottom: 0px !important;}\u00bb][vc_column css=\u00bb.vc_custom_1559216895048{margin-top: 0px !important;margin-bottom: 0px !important;padding-top: 0px !important;padding-bottom: 0px !important;}\u00bb][vc_column_text css=\u00bb\u00bb&#8230;<\/p>\n<\/span> <\/div> <\/div> <div class=\"grid-post-meta clearfix without-likes\"> <div class=\"grid-post-meta-inner\"> <div class=\"grid-post-share\"> <a href=\"javascript: void(0);\" class=\"icon share\" role=\"button\" aria-label=\"Share\"><i class=\"default\"><\/i><\/a> <\/div> <div class=\"grid-post-meta-comments-likes\"> <\/div> <div class=\"portfolio-sharing-pane\"> <div class=\"socials-sharing socials socials-colored-hover\"> <a class=\"socials-item\" target=\"_blank\" href=\"https:\/\/www.facebook.com\/sharer\/sharer.php?u=https%3A%2F%2Fwww.iese.edu%2Fstandout%2Fes%2Frol-chief-ai-officer-caio%2F\" title=\"Facebook\"><i class=\"socials-item-icon facebook\"><\/i><\/a> <a class=\"socials-item\" target=\"_blank\" href=\"https:\/\/twitter.com\/intent\/tweet?text=El+rol+del+Chief+AI+Officer+%28CAIO%29%3A+gu%C3%ADa+para+liderar+la+transformaci%C3%B3n+hacia+la+inteligencia+artificial&#038;url=https%3A%2F%2Fwww.iese.edu%2Fstandout%2Fes%2Frol-chief-ai-officer-caio%2F\" title=\"Twitter\"><i class=\"socials-item-icon twitter\"><\/i><\/a> <a class=\"socials-item\" target=\"_blank\" href=\"https:\/\/pinterest.com\/pin\/create\/button\/?url=https%3A%2F%2Fwww.iese.edu%2Fstandout%2Fes%2Frol-chief-ai-officer-caio%2F&#038;description=El+rol+del+Chief+AI+Officer+%28CAIO%29%3A+gu%C3%ADa+para+liderar+la+transformaci%C3%B3n+hacia+la+inteligencia+artificial&#038;media=https%3A%2F%2Fwww.iese.edu%2Fstandout%2Fwp-content%2Fuploads%2F2024%2F12%2Fchief-Ai-officer-thegem-blog-timeline-large.jpg\" title=\"Pinterest\"><i class=\"socials-item-icon pinterest\"><\/i><\/a> <a class=\"socials-item\" target=\"_blank\" href=\"https:\/\/www.tumblr.com\/widgets\/share\/tool?canonicalUrl=https%3A%2F%2Fwww.iese.edu%2Fstandout%2Fes%2Frol-chief-ai-officer-caio%2F\" title=\"Tumblr\"><i class=\"socials-item-icon tumblr\"><\/i><\/a> <a class=\"socials-item\" target=\"_blank\" href=\"https:\/\/www.linkedin.com\/shareArticle?mini=true&#038;url=https%3A%2F%2Fwww.iese.edu%2Fstandout%2Fes%2Frol-chief-ai-officer-caio%2F&#038;title=El+rol+del+Chief+AI+Officer+%28CAIO%29%3A+gu%C3%ADa+para+liderar+la+transformaci%C3%B3n+hacia+la+inteligencia+artificial&amp;summary=%5Bvc_row+css%3D%C2%BB.vc_custom_1559140963143%7Bmargin-top%3A+0px+%21important%3Bmargin-bottom%3A+0px+%21important%3Bpadding-top%3A+0px+%21important%3Bpadding-bottom%3A+0px+%21important%3B%7D%C2%BB%5D%5Bvc_column+css%3D%C2%BB.vc_custom_1559216895048%7Bmargin-top%3A+0px+%21important%3Bmargin-bottom%3A+0px+%21important%3Bpadding-top%3A+0px+%21important%3Bpadding-bottom%3A+0px+%21important%3B%7D%C2%BB%5D%5Bvc_column_text+css%3D%C2%BB%C2%BB...\" title=\"LinkedIn\"><i class=\"socials-item-icon linkedin\"><\/i><\/a> <a class=\"socials-item\" target=\"_blank\" href=\"https:\/\/www.reddit.com\/submit?url=https%3A%2F%2Fwww.iese.edu%2Fstandout%2Fes%2Frol-chief-ai-officer-caio%2F&#038;title=El+rol+del+Chief+AI+Officer+%28CAIO%29%3A+gu%C3%ADa+para+liderar+la+transformaci%C3%B3n+hacia+la+inteligencia+artificial\" title=\"Reddit\"><i class=\"socials-item-icon reddit\"><\/i><\/a> <\/div> <\/div> <\/div> <\/div> <\/div> <\/div> <\/div> <\/div> <\/div> <\/div> <\/div> <\/div> <\/div> <div class=\"portfolio-item ceos-consejeros general-es col-xs-12 col-sm-6 col-md-3 item-animations-not-inited post-hide-date appearance-type- post-6516 post type-post status-publish format-standard has-post-thumbnail category-ceos-consejeros category-general-es tag-general-management-es tag-skills-es\" data-default-sort=\"3\" data-sort-date=\"1727334780\"> <div class=\"wrap clearfix\"> <div class=\"image post-6516 post type-post status-publish format-standard has-post-thumbnail category-ceos-consejeros category-general-es tag-general-management-es tag-skills-es\"> <div class=\"image-inner \"> <div class=\"post-featured-content\"><a href=\"https:\/\/www.iese.edu\/standout\/es\/lider-excelente-teresa-perales-valentin-fuster\/\"> <picture> <img src=\"https:\/\/www.iese.edu\/standout\/wp-content\/uploads\/2024\/09\/lider-excelente.jpg\" width=\"1000\" height=\"666\" class=\"img-responsive\" alt=\"lider excelente\" \/> <\/picture> <\/a><\/div> <\/div> <div class=\"overlay\"> <div class=\"overlay-circle\"><\/div> <div class=\"links-wrapper\"> <div class=\"links\"> <div class=\"caption\"> <a href=\"https:\/\/www.iese.edu\/standout\/es\/lider-excelente-teresa-perales-valentin-fuster\/\" class=\"portfolio-item-link\"> <span class=\"screen-reader-text\">Liderazgo m\u00e1s all\u00e1 de los logros: lecciones de Teresa Perales y Valent\u00edn Fuster<\/span> <\/a> <div class=\"slide-content\"> <div class=\"slide-content-visible\"> <div class=\"title\"> <span class=\"title-h5 \">Liderazgo m\u00e1s all\u00e1 de los logros: lecciones de Teresa Perales y Valent\u00edn Fuster<\/span> <\/div> <div class=\"info\"> <a class=\"additional-meta\" data-filter-type=\"taxonomies\" data-attr=\"category\" data-filter=\"ceos-consejeros\">CEOs y Consejeros<\/a><span class=\"sep\"><\/span> <a class=\"additional-meta\" data-filter-type=\"taxonomies\" data-attr=\"category\" data-filter=\"general-es\">General<\/a> <\/div> <\/div> <div class=\"slide-content-hidden\"> <div class=\"description\"> <div class=\"subtitle\"> <span class=\"text-body\"><p>[vc_row css=\u00bb.vc_custom_1559140963143{margin-top: 0px !important;margin-bottom: 0px !important;padding-top: 0px !important;padding-bottom: 0px !important;}\u00bb][vc_column css=\u00bb.vc_custom_1559216895048{margin-top: 0px !important;margin-bottom: 0px !important;padding-top: 0px !important;padding-bottom: 0px !important;}\u00bb][vc_column_text css=\u00bb\u00bb&#8230;<\/p>\n<\/span> <\/div> <\/div> <div class=\"grid-post-meta clearfix without-likes\"> <div class=\"grid-post-meta-inner\"> <div class=\"grid-post-share\"> <a href=\"javascript: void(0);\" class=\"icon share\" role=\"button\" aria-label=\"Share\"><i class=\"default\"><\/i><\/a> <\/div> <div class=\"grid-post-meta-comments-likes\"> <\/div> <div class=\"portfolio-sharing-pane\"> <div class=\"socials-sharing socials socials-colored-hover\"> <a class=\"socials-item\" target=\"_blank\" href=\"https:\/\/www.facebook.com\/sharer\/sharer.php?u=https%3A%2F%2Fwww.iese.edu%2Fstandout%2Fes%2Flider-excelente-teresa-perales-valentin-fuster%2F\" title=\"Facebook\"><i class=\"socials-item-icon facebook\"><\/i><\/a> <a class=\"socials-item\" target=\"_blank\" href=\"https:\/\/twitter.com\/intent\/tweet?text=Liderazgo+m%C3%A1s+all%C3%A1+de+los+logros%3A+lecciones+de+Teresa+Perales+y+Valent%C3%ADn+Fuster&#038;url=https%3A%2F%2Fwww.iese.edu%2Fstandout%2Fes%2Flider-excelente-teresa-perales-valentin-fuster%2F\" title=\"Twitter\"><i class=\"socials-item-icon twitter\"><\/i><\/a> <a class=\"socials-item\" target=\"_blank\" href=\"https:\/\/pinterest.com\/pin\/create\/button\/?url=https%3A%2F%2Fwww.iese.edu%2Fstandout%2Fes%2Flider-excelente-teresa-perales-valentin-fuster%2F&#038;description=Liderazgo+m%C3%A1s+all%C3%A1+de+los+logros%3A+lecciones+de+Teresa+Perales+y+Valent%C3%ADn+Fuster&#038;media=https%3A%2F%2Fwww.iese.edu%2Fstandout%2Fwp-content%2Fuploads%2F2024%2F09%2Flider-excelente-thegem-blog-timeline-large.jpg\" title=\"Pinterest\"><i class=\"socials-item-icon pinterest\"><\/i><\/a> <a class=\"socials-item\" target=\"_blank\" href=\"https:\/\/www.tumblr.com\/widgets\/share\/tool?canonicalUrl=https%3A%2F%2Fwww.iese.edu%2Fstandout%2Fes%2Flider-excelente-teresa-perales-valentin-fuster%2F\" title=\"Tumblr\"><i class=\"socials-item-icon tumblr\"><\/i><\/a> <a class=\"socials-item\" target=\"_blank\" href=\"https:\/\/www.linkedin.com\/shareArticle?mini=true&#038;url=https%3A%2F%2Fwww.iese.edu%2Fstandout%2Fes%2Flider-excelente-teresa-perales-valentin-fuster%2F&#038;title=Liderazgo+m%C3%A1s+all%C3%A1+de+los+logros%3A+lecciones+de+Teresa+Perales+y+Valent%C3%ADn+Fuster&amp;summary=%5Bvc_row+css%3D%C2%BB.vc_custom_1559140963143%7Bmargin-top%3A+0px+%21important%3Bmargin-bottom%3A+0px+%21important%3Bpadding-top%3A+0px+%21important%3Bpadding-bottom%3A+0px+%21important%3B%7D%C2%BB%5D%5Bvc_column+css%3D%C2%BB.vc_custom_1559216895048%7Bmargin-top%3A+0px+%21important%3Bmargin-bottom%3A+0px+%21important%3Bpadding-top%3A+0px+%21important%3Bpadding-bottom%3A+0px+%21important%3B%7D%C2%BB%5D%5Bvc_column_text+css%3D%C2%BB%C2%BB...\" title=\"LinkedIn\"><i class=\"socials-item-icon linkedin\"><\/i><\/a> <a class=\"socials-item\" target=\"_blank\" href=\"https:\/\/www.reddit.com\/submit?url=https%3A%2F%2Fwww.iese.edu%2Fstandout%2Fes%2Flider-excelente-teresa-perales-valentin-fuster%2F&#038;title=Liderazgo+m%C3%A1s+all%C3%A1+de+los+logros%3A+lecciones+de+Teresa+Perales+y+Valent%C3%ADn+Fuster\" title=\"Reddit\"><i class=\"socials-item-icon reddit\"><\/i><\/a> <\/div> <\/div> <\/div> <\/div> <\/div> <\/div> <\/div> <\/div> <\/div> <\/div> <\/div> <\/div> <\/div> <div class=\"portfolio-item ceos-consejeros general-es general-es-2 col-xs-12 col-sm-6 col-md-3 item-animations-not-inited post-hide-date appearance-type- post-6500 post type-post status-publish format-standard has-post-thumbnail category-ceos-consejeros category-general-es-2 category-general-es tag-historias-de-exito tag-people-es tag-success-stories-es\" data-default-sort=\"3\" data-sort-date=\"1726131814\"> <div class=\"wrap clearfix\"> <div class=\"image post-6500 post type-post status-publish format-standard has-post-thumbnail category-ceos-consejeros category-general-es-2 category-general-es tag-historias-de-exito tag-people-es tag-success-stories-es\"> <div class=\"image-inner \"> <div class=\"post-featured-content\"><a href=\"https:\/\/www.iese.edu\/standout\/es\/enrique-linares-historias-exito\/\"> <picture> <img src=\"https:\/\/www.iese.edu\/standout\/wp-content\/uploads\/2024\/09\/Enrique-Linares.jpg\" width=\"1000\" height=\"666\" class=\"img-responsive\" alt=\"Enrique Linares\" \/> <\/picture> <\/a><\/div> <\/div> <div class=\"overlay\"> <div class=\"overlay-circle\"><\/div> <div class=\"links-wrapper\"> <div class=\"links\"> <div class=\"caption\"> <a href=\"https:\/\/www.iese.edu\/standout\/es\/enrique-linares-historias-exito\/\" class=\"portfolio-item-link\"> <span class=\"screen-reader-text\">Enrique Linares. Nadie te prepara para el d\u00eda de despu\u00e9s. Historias de \u00e9xito<\/span> <\/a> <div class=\"slide-content\"> <div class=\"slide-content-visible\"> <div class=\"title\"> <span class=\"title-h5 \">Enrique Linares. Nadie te prepara para el d\u00eda de despu\u00e9s. Historias de \u00e9xito<\/span> <\/div> <div class=\"info\"> <a class=\"additional-meta\" data-filter-type=\"taxonomies\" data-attr=\"category\" data-filter=\"ceos-consejeros\">CEOs y Consejeros<\/a><span class=\"sep\"><\/span> <a class=\"additional-meta\" data-filter-type=\"taxonomies\" data-attr=\"category\" data-filter=\"general-es\">General<\/a><span class=\"sep\"><\/span> <a class=\"additional-meta\" data-filter-type=\"taxonomies\" data-attr=\"category\" data-filter=\"general-es-2\">General<\/a> <\/div> <\/div> <div class=\"slide-content-hidden\"> <div class=\"description\"> <div class=\"subtitle\"> <span class=\"text-body\"><p>[vc_row css=\u00bb.vc_custom_1559140963143{margin-top: 0px !important;margin-bottom: 0px !important;padding-top: 0px !important;padding-bottom: 0px !important;}\u00bb][vc_column css=\u00bb.vc_custom_1559216895048{margin-top: 0px !important;margin-bottom: 0px !important;padding-top: 0px !important;padding-bottom: 0px !important;}\u00bb][vc_column_text css_animation=\u00bbbottom-to-top\u00bb][\/vc_column_text][vc_column_text&#8230;<\/p>\n<\/span> <\/div> <\/div> <div class=\"grid-post-meta clearfix without-likes\"> <div class=\"grid-post-meta-inner\"> <div class=\"grid-post-share\"> <a href=\"javascript: void(0);\" class=\"icon share\" role=\"button\" aria-label=\"Share\"><i class=\"default\"><\/i><\/a> <\/div> <div class=\"grid-post-meta-comments-likes\"> <\/div> <div class=\"portfolio-sharing-pane\"> <div class=\"socials-sharing socials socials-colored-hover\"> <a class=\"socials-item\" target=\"_blank\" href=\"https:\/\/www.facebook.com\/sharer\/sharer.php?u=https%3A%2F%2Fwww.iese.edu%2Fstandout%2Fes%2Fenrique-linares-historias-exito%2F\" title=\"Facebook\"><i class=\"socials-item-icon facebook\"><\/i><\/a> <a class=\"socials-item\" target=\"_blank\" href=\"https:\/\/twitter.com\/intent\/tweet?text=Enrique+Linares.+Nadie+te+prepara+para+el+d%C3%ADa+de+despu%C3%A9s.+Historias+de+%C3%A9xito&#038;url=https%3A%2F%2Fwww.iese.edu%2Fstandout%2Fes%2Fenrique-linares-historias-exito%2F\" title=\"Twitter\"><i class=\"socials-item-icon twitter\"><\/i><\/a> <a class=\"socials-item\" target=\"_blank\" href=\"https:\/\/pinterest.com\/pin\/create\/button\/?url=https%3A%2F%2Fwww.iese.edu%2Fstandout%2Fes%2Fenrique-linares-historias-exito%2F&#038;description=Enrique+Linares.+Nadie+te+prepara+para+el+d%C3%ADa+de+despu%C3%A9s.+Historias+de+%C3%A9xito&#038;media=https%3A%2F%2Fwww.iese.edu%2Fstandout%2Fwp-content%2Fuploads%2F2024%2F09%2FEnrique-Linares-thegem-blog-timeline-large.jpg\" title=\"Pinterest\"><i class=\"socials-item-icon pinterest\"><\/i><\/a> <a class=\"socials-item\" target=\"_blank\" href=\"https:\/\/www.tumblr.com\/widgets\/share\/tool?canonicalUrl=https%3A%2F%2Fwww.iese.edu%2Fstandout%2Fes%2Fenrique-linares-historias-exito%2F\" title=\"Tumblr\"><i class=\"socials-item-icon tumblr\"><\/i><\/a> <a class=\"socials-item\" target=\"_blank\" href=\"https:\/\/www.linkedin.com\/shareArticle?mini=true&#038;url=https%3A%2F%2Fwww.iese.edu%2Fstandout%2Fes%2Fenrique-linares-historias-exito%2F&#038;title=Enrique+Linares.+Nadie+te+prepara+para+el+d%C3%ADa+de+despu%C3%A9s.+Historias+de+%C3%A9xito&amp;summary=%5Bvc_row+css%3D%C2%BB.vc_custom_1559140963143%7Bmargin-top%3A+0px+%21important%3Bmargin-bottom%3A+0px+%21important%3Bpadding-top%3A+0px+%21important%3Bpadding-bottom%3A+0px+%21important%3B%7D%C2%BB%5D%5Bvc_column+css%3D%C2%BB.vc_custom_1559216895048%7Bmargin-top%3A+0px+%21important%3Bmargin-bottom%3A+0px+%21important%3Bpadding-top%3A+0px+%21important%3Bpadding-bottom%3A+0px+%21important%3B%7D%C2%BB%5D%5Bvc_column_text+css_animation%3D%C2%BBbottom-to-top%C2%BB%5D%5B%2Fvc_column_text%5D%5Bvc_column_text...\" title=\"LinkedIn\"><i class=\"socials-item-icon linkedin\"><\/i><\/a> <a class=\"socials-item\" target=\"_blank\" href=\"https:\/\/www.reddit.com\/submit?url=https%3A%2F%2Fwww.iese.edu%2Fstandout%2Fes%2Fenrique-linares-historias-exito%2F&#038;title=Enrique+Linares.+Nadie+te+prepara+para+el+d%C3%ADa+de+despu%C3%A9s.+Historias+de+%C3%A9xito\" title=\"Reddit\"><i class=\"socials-item-icon reddit\"><\/i><\/a> <\/div> <\/div> <\/div> <\/div> <\/div> <\/div> <\/div> <\/div> <\/div> <\/div> <\/div> <\/div> <\/div> <div class=\"portfolio-item ceos-consejeros general-es general-es-2 col-xs-12 col-sm-6 col-md-3 item-animations-not-inited post-hide-date appearance-type- post-6456 post type-post status-publish format-standard has-post-thumbnail category-ceos-consejeros category-general-es-2 category-general-es tag-general-management-es tag-skills-es\" data-default-sort=\"3\" data-sort-date=\"1720005491\"> <div class=\"wrap clearfix\"> <div class=\"image post-6456 post type-post status-publish format-standard has-post-thumbnail category-ceos-consejeros category-general-es-2 category-general-es tag-general-management-es tag-skills-es\"> <div class=\"image-inner \"> <div class=\"post-featured-content\"><a href=\"https:\/\/www.iese.edu\/standout\/es\/escala-empresa-impulsando-liderazgo\/\"> <picture> <img src=\"https:\/\/www.iese.edu\/standout\/wp-content\/uploads\/2024\/07\/Scale-up.jpg\" width=\"1000\" height=\"666\" class=\"img-responsive\" alt=\"Scale up\" \/> <\/picture> <\/a><\/div> <\/div> <div class=\"overlay\"> <div class=\"overlay-circle\"><\/div> <div class=\"links-wrapper\"> <div class=\"links\"> <div class=\"caption\"> <a href=\"https:\/\/www.iese.edu\/standout\/es\/escala-empresa-impulsando-liderazgo\/\" class=\"portfolio-item-link\"> <span class=\"screen-reader-text\">Escala tu empresa impulsando tu liderazgo<\/span> <\/a> <div class=\"slide-content\"> <div class=\"slide-content-visible\"> <div class=\"title\"> <span class=\"title-h5 \">Escala tu empresa impulsando tu liderazgo<\/span> <\/div> <div class=\"info\"> <a class=\"additional-meta\" data-filter-type=\"taxonomies\" data-attr=\"category\" data-filter=\"ceos-consejeros\">CEOs y Consejeros<\/a><span class=\"sep\"><\/span> <a class=\"additional-meta\" data-filter-type=\"taxonomies\" data-attr=\"category\" data-filter=\"general-es\">General<\/a><span class=\"sep\"><\/span> <a class=\"additional-meta\" data-filter-type=\"taxonomies\" data-attr=\"category\" data-filter=\"general-es-2\">General<\/a> <\/div> <\/div> <div class=\"slide-content-hidden\"> <div class=\"description\"> <div class=\"subtitle\"> <span class=\"text-body\"><p>[vc_row css=\u00bb.vc_custom_1559140963143{margin-top: 0px !important;margin-bottom: 0px !important;padding-top: 0px !important;padding-bottom: 0px !important;}\u00bb][vc_column css=\u00bb.vc_custom_1559216895048{margin-top: 0px !important;margin-bottom: 0px !important;padding-top: 0px !important;padding-bottom: 0px !important;}\u00bb][vc_column_text css_animation=\u00bbbottom-to-top\u00bb]Si&#8230;<\/p>\n<\/span> <\/div> <\/div> <div class=\"grid-post-meta clearfix without-likes\"> <div class=\"grid-post-meta-inner\"> <div class=\"grid-post-share\"> <a href=\"javascript: void(0);\" class=\"icon share\" role=\"button\" aria-label=\"Share\"><i class=\"default\"><\/i><\/a> <\/div> <div class=\"grid-post-meta-comments-likes\"> <\/div> <div class=\"portfolio-sharing-pane\"> <div class=\"socials-sharing socials socials-colored-hover\"> <a class=\"socials-item\" target=\"_blank\" href=\"https:\/\/www.facebook.com\/sharer\/sharer.php?u=https%3A%2F%2Fwww.iese.edu%2Fstandout%2Fes%2Fescala-empresa-impulsando-liderazgo%2F\" title=\"Facebook\"><i class=\"socials-item-icon facebook\"><\/i><\/a> <a class=\"socials-item\" target=\"_blank\" href=\"https:\/\/twitter.com\/intent\/tweet?text=Escala+tu+empresa+impulsando+tu+liderazgo&#038;url=https%3A%2F%2Fwww.iese.edu%2Fstandout%2Fes%2Fescala-empresa-impulsando-liderazgo%2F\" title=\"Twitter\"><i class=\"socials-item-icon twitter\"><\/i><\/a> <a class=\"socials-item\" target=\"_blank\" href=\"https:\/\/pinterest.com\/pin\/create\/button\/?url=https%3A%2F%2Fwww.iese.edu%2Fstandout%2Fes%2Fescala-empresa-impulsando-liderazgo%2F&#038;description=Escala+tu+empresa+impulsando+tu+liderazgo&#038;media=https%3A%2F%2Fwww.iese.edu%2Fstandout%2Fwp-content%2Fuploads%2F2024%2F07%2FScale-up-thegem-blog-timeline-large.jpg\" title=\"Pinterest\"><i class=\"socials-item-icon pinterest\"><\/i><\/a> <a class=\"socials-item\" target=\"_blank\" href=\"https:\/\/www.tumblr.com\/widgets\/share\/tool?canonicalUrl=https%3A%2F%2Fwww.iese.edu%2Fstandout%2Fes%2Fescala-empresa-impulsando-liderazgo%2F\" title=\"Tumblr\"><i class=\"socials-item-icon tumblr\"><\/i><\/a> <a class=\"socials-item\" target=\"_blank\" href=\"https:\/\/www.linkedin.com\/shareArticle?mini=true&#038;url=https%3A%2F%2Fwww.iese.edu%2Fstandout%2Fes%2Fescala-empresa-impulsando-liderazgo%2F&#038;title=Escala+tu+empresa+impulsando+tu+liderazgo&amp;summary=%5Bvc_row+css%3D%C2%BB.vc_custom_1559140963143%7Bmargin-top%3A+0px+%21important%3Bmargin-bottom%3A+0px+%21important%3Bpadding-top%3A+0px+%21important%3Bpadding-bottom%3A+0px+%21important%3B%7D%C2%BB%5D%5Bvc_column+css%3D%C2%BB.vc_custom_1559216895048%7Bmargin-top%3A+0px+%21important%3Bmargin-bottom%3A+0px+%21important%3Bpadding-top%3A+0px+%21important%3Bpadding-bottom%3A+0px+%21important%3B%7D%C2%BB%5D%5Bvc_column_text+css_animation%3D%C2%BBbottom-to-top%C2%BB%5DSi...\" title=\"LinkedIn\"><i class=\"socials-item-icon linkedin\"><\/i><\/a> <a class=\"socials-item\" target=\"_blank\" href=\"https:\/\/www.reddit.com\/submit?url=https%3A%2F%2Fwww.iese.edu%2Fstandout%2Fes%2Fescala-empresa-impulsando-liderazgo%2F&#038;title=Escala+tu+empresa+impulsando+tu+liderazgo\" title=\"Reddit\"><i class=\"socials-item-icon reddit\"><\/i><\/a> <\/div> <\/div> <\/div> <\/div> <\/div> <\/div> <\/div> <\/div> <\/div> <\/div> <\/div> <\/div> <\/div> <div class=\"portfolio-item ceos-consejeros general-es col-xs-12 col-sm-6 col-md-3 item-animations-not-inited post-hide-date appearance-type- post-6418 post type-post status-publish format-standard has-post-thumbnail category-ceos-consejeros category-general-es tag-general-management-es tag-learning-es tag-skills-es\" data-default-sort=\"3\" data-sort-date=\"1717410752\"> <div class=\"wrap clearfix\"> <div class=\"image post-6418 post type-post status-publish format-standard has-post-thumbnail category-ceos-consejeros category-general-es tag-general-management-es tag-learning-es tag-skills-es\"> <div class=\"image-inner \"> <div class=\"post-featured-content\"><a href=\"https:\/\/www.iese.edu\/standout\/es\/mitos-miedos-liderazgo\/\"> <picture> <img src=\"https:\/\/www.iese.edu\/standout\/wp-content\/uploads\/2024\/06\/Mitos.jpg\" width=\"1000\" height=\"666\" class=\"img-responsive\" alt=\"Mitos\" \/> <\/picture> <\/a><\/div> <\/div> <div class=\"overlay\"> <div class=\"overlay-circle\"><\/div> <div class=\"links-wrapper\"> <div class=\"links\"> <div class=\"caption\"> <a href=\"https:\/\/www.iese.edu\/standout\/es\/mitos-miedos-liderazgo\/\" class=\"portfolio-item-link\"> <span class=\"screen-reader-text\">Leyendas directivas: mitos y miedos sobre el liderazgo<\/span> <\/a> <div class=\"slide-content\"> <div class=\"slide-content-visible\"> <div class=\"title\"> <span class=\"title-h5 \">Leyendas directivas: mitos y miedos sobre el liderazgo<\/span> <\/div> <div class=\"info\"> <a class=\"additional-meta\" data-filter-type=\"taxonomies\" data-attr=\"category\" data-filter=\"ceos-consejeros\">CEOs y Consejeros<\/a><span class=\"sep\"><\/span> <a class=\"additional-meta\" data-filter-type=\"taxonomies\" data-attr=\"category\" data-filter=\"general-es\">General<\/a> <\/div> <\/div> <div class=\"slide-content-hidden\"> <div class=\"description\"> <div class=\"subtitle\"> <span class=\"text-body\"><p>[vc_row css=\u00bb.vc_custom_1559140963143{margin-top: 0px !important;margin-bottom: 0px !important;padding-top: 0px !important;padding-bottom: 0px !important;}\u00bb][vc_column css=\u00bb.vc_custom_1559216895048{margin-top: 0px !important;margin-bottom: 0px !important;padding-top: 0px !important;padding-bottom: 0px !important;}\u00bb][vc_column_text css_animation=\u00bbbottom-to-top\u00bb]Debido&#8230;<\/p>\n<\/span> <\/div> <\/div> <div class=\"grid-post-meta clearfix without-likes\"> <div class=\"grid-post-meta-inner\"> <div class=\"grid-post-share\"> <a href=\"javascript: void(0);\" class=\"icon share\" role=\"button\" aria-label=\"Share\"><i class=\"default\"><\/i><\/a> <\/div> <div class=\"grid-post-meta-comments-likes\"> <\/div> <div class=\"portfolio-sharing-pane\"> <div class=\"socials-sharing socials socials-colored-hover\"> <a class=\"socials-item\" target=\"_blank\" href=\"https:\/\/www.facebook.com\/sharer\/sharer.php?u=https%3A%2F%2Fwww.iese.edu%2Fstandout%2Fes%2Fmitos-miedos-liderazgo%2F\" title=\"Facebook\"><i class=\"socials-item-icon facebook\"><\/i><\/a> <a class=\"socials-item\" target=\"_blank\" href=\"https:\/\/twitter.com\/intent\/tweet?text=Leyendas+directivas%3A+mitos+y+miedos+sobre+el+liderazgo&#038;url=https%3A%2F%2Fwww.iese.edu%2Fstandout%2Fes%2Fmitos-miedos-liderazgo%2F\" title=\"Twitter\"><i class=\"socials-item-icon twitter\"><\/i><\/a> <a class=\"socials-item\" target=\"_blank\" href=\"https:\/\/pinterest.com\/pin\/create\/button\/?url=https%3A%2F%2Fwww.iese.edu%2Fstandout%2Fes%2Fmitos-miedos-liderazgo%2F&#038;description=Leyendas+directivas%3A+mitos+y+miedos+sobre+el+liderazgo&#038;media=https%3A%2F%2Fwww.iese.edu%2Fstandout%2Fwp-content%2Fuploads%2F2024%2F06%2FMitos-thegem-blog-timeline-large.jpg\" title=\"Pinterest\"><i class=\"socials-item-icon pinterest\"><\/i><\/a> <a class=\"socials-item\" target=\"_blank\" href=\"https:\/\/www.tumblr.com\/widgets\/share\/tool?canonicalUrl=https%3A%2F%2Fwww.iese.edu%2Fstandout%2Fes%2Fmitos-miedos-liderazgo%2F\" title=\"Tumblr\"><i class=\"socials-item-icon tumblr\"><\/i><\/a> <a class=\"socials-item\" target=\"_blank\" href=\"https:\/\/www.linkedin.com\/shareArticle?mini=true&#038;url=https%3A%2F%2Fwww.iese.edu%2Fstandout%2Fes%2Fmitos-miedos-liderazgo%2F&#038;title=Leyendas+directivas%3A+mitos+y+miedos+sobre+el+liderazgo&amp;summary=%5Bvc_row+css%3D%C2%BB.vc_custom_1559140963143%7Bmargin-top%3A+0px+%21important%3Bmargin-bottom%3A+0px+%21important%3Bpadding-top%3A+0px+%21important%3Bpadding-bottom%3A+0px+%21important%3B%7D%C2%BB%5D%5Bvc_column+css%3D%C2%BB.vc_custom_1559216895048%7Bmargin-top%3A+0px+%21important%3Bmargin-bottom%3A+0px+%21important%3Bpadding-top%3A+0px+%21important%3Bpadding-bottom%3A+0px+%21important%3B%7D%C2%BB%5D%5Bvc_column_text+css_animation%3D%C2%BBbottom-to-top%C2%BB%5DDebido...\" title=\"LinkedIn\"><i class=\"socials-item-icon linkedin\"><\/i><\/a> <a class=\"socials-item\" target=\"_blank\" href=\"https:\/\/www.reddit.com\/submit?url=https%3A%2F%2Fwww.iese.edu%2Fstandout%2Fes%2Fmitos-miedos-liderazgo%2F&#038;title=Leyendas+directivas%3A+mitos+y+miedos+sobre+el+liderazgo\" title=\"Reddit\"><i class=\"socials-item-icon reddit\"><\/i><\/a> <\/div> <\/div> <\/div> <\/div> <\/div> <\/div> <\/div> <\/div> <\/div> <\/div> <\/div> <\/div> <\/div> <div class=\"portfolio-item ceos-consejeros general-es col-xs-12 col-sm-6 col-md-3 item-animations-not-inited post-hide-date appearance-type- post-6213 post type-post status-publish format-standard has-post-thumbnail category-ceos-consejeros category-general-es tag-general-management-es tag-learning-es tag-skills-es\" data-default-sort=\"3\" data-sort-date=\"1712063456\"> <div class=\"wrap clearfix\"> <div class=\"image post-6213 post type-post status-publish format-standard has-post-thumbnail category-ceos-consejeros category-general-es tag-general-management-es tag-learning-es tag-skills-es\"> <div class=\"image-inner \"> <div class=\"post-featured-content\"><a href=\"https:\/\/www.iese.edu\/standout\/es\/poder-transformador-liderazgo-etico\/\"> <picture> <img src=\"https:\/\/www.iese.edu\/standout\/wp-content\/uploads\/2024\/04\/Ethics-1.jpg\" width=\"1000\" height=\"666\" class=\"img-responsive\" alt=\"Ethics 1\" \/> <\/picture> <\/a><\/div> <\/div> <div class=\"overlay\"> <div class=\"overlay-circle\"><\/div> <div class=\"links-wrapper\"> <div class=\"links\"> <div class=\"caption\"> <a href=\"https:\/\/www.iese.edu\/standout\/es\/poder-transformador-liderazgo-etico\/\" class=\"portfolio-item-link\"> <span class=\"screen-reader-text\">El poder transformador del liderazgo \u00e9tico<\/span> <\/a> <div class=\"slide-content\"> <div class=\"slide-content-visible\"> <div class=\"title\"> <span class=\"title-h5 \">El poder transformador del liderazgo \u00e9tico<\/span> <\/div> <div class=\"info\"> <a class=\"additional-meta\" data-filter-type=\"taxonomies\" data-attr=\"category\" data-filter=\"ceos-consejeros\">CEOs y Consejeros<\/a><span class=\"sep\"><\/span> <a class=\"additional-meta\" data-filter-type=\"taxonomies\" data-attr=\"category\" data-filter=\"general-es\">General<\/a> <\/div> <\/div> <div class=\"slide-content-hidden\"> <div class=\"description\"> <div class=\"subtitle\"> <span class=\"text-body\"><p>[vc_row css=\u00bb.vc_custom_1559140963143{margin-top: 0px !important;margin-bottom: 0px !important;padding-top: 0px !important;padding-bottom: 0px !important;}\u00bb][vc_column css=\u00bb.vc_custom_1559216895048{margin-top: 0px !important;margin-bottom: 0px !important;padding-top: 0px !important;padding-bottom: 0px !important;}\u00bb][vc_column_text css_animation=\u00bbbottom-to-top\u00bb][\/vc_column_text][vc_column_text]Liderar&#8230;<\/p>\n<\/span> <\/div> <\/div> <div class=\"grid-post-meta clearfix without-likes\"> <div class=\"grid-post-meta-inner\"> <div class=\"grid-post-share\"> <a href=\"javascript: void(0);\" class=\"icon share\" role=\"button\" aria-label=\"Share\"><i class=\"default\"><\/i><\/a> <\/div> <div class=\"grid-post-meta-comments-likes\"> <\/div> <div class=\"portfolio-sharing-pane\"> <div class=\"socials-sharing socials socials-colored-hover\"> <a class=\"socials-item\" target=\"_blank\" href=\"https:\/\/www.facebook.com\/sharer\/sharer.php?u=https%3A%2F%2Fwww.iese.edu%2Fstandout%2Fes%2Fpoder-transformador-liderazgo-etico%2F\" title=\"Facebook\"><i class=\"socials-item-icon facebook\"><\/i><\/a> <a class=\"socials-item\" target=\"_blank\" href=\"https:\/\/twitter.com\/intent\/tweet?text=El+poder+transformador+del+liderazgo+%C3%A9tico&#038;url=https%3A%2F%2Fwww.iese.edu%2Fstandout%2Fes%2Fpoder-transformador-liderazgo-etico%2F\" title=\"Twitter\"><i class=\"socials-item-icon twitter\"><\/i><\/a> <a class=\"socials-item\" target=\"_blank\" href=\"https:\/\/pinterest.com\/pin\/create\/button\/?url=https%3A%2F%2Fwww.iese.edu%2Fstandout%2Fes%2Fpoder-transformador-liderazgo-etico%2F&#038;description=El+poder+transformador+del+liderazgo+%C3%A9tico&#038;media=https%3A%2F%2Fwww.iese.edu%2Fstandout%2Fwp-content%2Fuploads%2F2024%2F04%2FEthics-1-thegem-blog-timeline-large.jpg\" title=\"Pinterest\"><i class=\"socials-item-icon pinterest\"><\/i><\/a> <a class=\"socials-item\" target=\"_blank\" href=\"https:\/\/www.tumblr.com\/widgets\/share\/tool?canonicalUrl=https%3A%2F%2Fwww.iese.edu%2Fstandout%2Fes%2Fpoder-transformador-liderazgo-etico%2F\" title=\"Tumblr\"><i class=\"socials-item-icon tumblr\"><\/i><\/a> <a class=\"socials-item\" target=\"_blank\" href=\"https:\/\/www.linkedin.com\/shareArticle?mini=true&#038;url=https%3A%2F%2Fwww.iese.edu%2Fstandout%2Fes%2Fpoder-transformador-liderazgo-etico%2F&#038;title=El+poder+transformador+del+liderazgo+%C3%A9tico&amp;summary=%5Bvc_row+css%3D%C2%BB.vc_custom_1559140963143%7Bmargin-top%3A+0px+%21important%3Bmargin-bottom%3A+0px+%21important%3Bpadding-top%3A+0px+%21important%3Bpadding-bottom%3A+0px+%21important%3B%7D%C2%BB%5D%5Bvc_column+css%3D%C2%BB.vc_custom_1559216895048%7Bmargin-top%3A+0px+%21important%3Bmargin-bottom%3A+0px+%21important%3Bpadding-top%3A+0px+%21important%3Bpadding-bottom%3A+0px+%21important%3B%7D%C2%BB%5D%5Bvc_column_text+css_animation%3D%C2%BBbottom-to-top%C2%BB%5D%5B%2Fvc_column_text%5D%5Bvc_column_text%5DLiderar...\" title=\"LinkedIn\"><i class=\"socials-item-icon linkedin\"><\/i><\/a> <a class=\"socials-item\" target=\"_blank\" href=\"https:\/\/www.reddit.com\/submit?url=https%3A%2F%2Fwww.iese.edu%2Fstandout%2Fes%2Fpoder-transformador-liderazgo-etico%2F&#038;title=El+poder+transformador+del+liderazgo+%C3%A9tico\" title=\"Reddit\"><i class=\"socials-item-icon reddit\"><\/i><\/a> <\/div> <\/div> <\/div> <\/div> <\/div> <\/div> <\/div> <\/div> <\/div> <\/div> <\/div> <\/div> <\/div> <\/div><!-- .portflio-set --> <div class=\"portfolio-item-size-container\"> <div class=\"portfolio-item col-xs-12 col-sm-6 col-md-3 item-animations-not-inited post-hide-date post-6213 post type-post status-publish format-standard has-post-thumbnail category-ceos-consejeros category-general-es tag-general-management-es tag-learning-es tag-skills-es\"> <\/div> <\/div> <\/div><!-- .row--> <div class=\"portfolio-scroll-pagination\"><\/div> <\/div><!-- .full-width --> <\/div><!-- .portfolio--> <\/div><!-- .portfolio-preloader-wrapper-->[\/vc_column][\/vc_row]<\/p>\n<\/div>","protected":false},"excerpt":{"rendered":"<p>[vc_row css=\u00bb.vc_custom_1559310255588{margin-top: 0px !important;margin-bottom: 0px !important;padding-top: 20px !important;padding-bottom: 0px !important;}\u00bb][vc_column][vc_column_text css_animation=\u00bbtop-to-bottom\u00bb css=\u00bb.vc_custom_1608113187422{padding-bottom: 20px !important;}\u00bb] CEOs y Consejeros [\/vc_column_text][\/vc_column][\/vc_row][vc_row full_width=\u00bbstretch_row_content_no_spaces\u00bb css=\u00bb.vc_custom_1626333148636{margin-top:&#8230;<\/p>\n","protected":false},"author":1,"featured_media":2030,"parent":0,"menu_order":0,"comment_status":"closed","ping_status":"closed","template":"","meta":{"footnotes":""},"class_list":["post-2304","page","type-page","status-publish","has-post-thumbnail"],"yoast_head":"<!-- This site is optimized with the Yoast SEO plugin v26.7 - https:\/\/yoast.com\/wordpress\/plugins\/seo\/ -->\n<title>CEOs y Consejeros | StandOut Blog | IESE Business School<\/title>\n<meta name=\"description\" content=\"En el blog IESE Standout encontrar\u00e1s consejos y estrategias para marcar la diferencia en el Consejo y seguir creciendo con tu empresa.\" \/>\n<meta name=\"robots\" content=\"index, follow, max-snippet:-1, max-image-preview:large, max-video-preview:-1\" \/>\n<link rel=\"canonical\" href=\"https:\/\/www.iese.edu\/standout\/es\/ceos-consejeros\/\" \/>\n<meta property=\"og:locale\" content=\"es_ES\" \/>\n<meta property=\"og:type\" content=\"article\" \/>\n<meta property=\"og:title\" content=\"CEOs y Consejeros | StandOut Blog | IESE Business School\" \/>\n<meta property=\"og:description\" content=\"En el blog IESE Standout encontrar\u00e1s consejos y estrategias para marcar la diferencia en el Consejo y seguir creciendo con tu empresa.\" \/>\n<meta property=\"og:url\" content=\"https:\/\/www.iese.edu\/standout\/es\/ceos-consejeros\/\" \/>\n<meta property=\"og:site_name\" content=\"IESE Standout\" \/>\n<meta property=\"og:image\" content=\"https:\/\/www.iese.edu\/standout\/wp-content\/uploads\/2020\/11\/CEO-agenda-plan.jpg\" \/>\n\t<meta property=\"og:image:width\" content=\"1000\" \/>\n\t<meta property=\"og:image:height\" content=\"666\" \/>\n\t<meta property=\"og:image:type\" content=\"image\/jpeg\" \/>\n<meta name=\"twitter:card\" content=\"summary_large_image\" \/>\n<meta name=\"twitter:label1\" content=\"Tiempo de lectura\" \/>\n\t<meta name=\"twitter:data1\" content=\"1 minuto\" \/>\n<script type=\"application\/ld+json\" class=\"yoast-schema-graph\">{\"@context\":\"https:\/\/schema.org\",\"@graph\":[{\"@type\":\"WebPage\",\"@id\":\"https:\/\/www.iese.edu\/standout\/es\/ceos-consejeros\/\",\"url\":\"https:\/\/www.iese.edu\/standout\/es\/ceos-consejeros\/\",\"name\":\"CEOs y Consejeros | StandOut Blog | IESE Business School\",\"isPartOf\":{\"@id\":\"https:\/\/www.iese.edu\/standout\/es\/#website\"},\"primaryImageOfPage\":{\"@id\":\"https:\/\/www.iese.edu\/standout\/es\/ceos-consejeros\/#primaryimage\"},\"image\":{\"@id\":\"https:\/\/www.iese.edu\/standout\/es\/ceos-consejeros\/#primaryimage\"},\"thumbnailUrl\":\"https:\/\/www.iese.edu\/standout\/wp-content\/uploads\/2020\/11\/CEO-agenda-plan.jpg\",\"datePublished\":\"2020-07-16T21:34:21+00:00\",\"dateModified\":\"2023-06-21T11:23:06+00:00\",\"description\":\"En el blog IESE Standout encontrar\u00e1s consejos y estrategias para marcar la diferencia en el Consejo y seguir creciendo con tu empresa.\",\"breadcrumb\":{\"@id\":\"https:\/\/www.iese.edu\/standout\/es\/ceos-consejeros\/#breadcrumb\"},\"inLanguage\":\"es\",\"potentialAction\":[{\"@type\":\"ReadAction\",\"target\":[\"https:\/\/www.iese.edu\/standout\/es\/ceos-consejeros\/\"]}]},{\"@type\":\"ImageObject\",\"inLanguage\":\"es\",\"@id\":\"https:\/\/www.iese.edu\/standout\/es\/ceos-consejeros\/#primaryimage\",\"url\":\"https:\/\/www.iese.edu\/standout\/wp-content\/uploads\/2020\/11\/CEO-agenda-plan.jpg\",\"contentUrl\":\"https:\/\/www.iese.edu\/standout\/wp-content\/uploads\/2020\/11\/CEO-agenda-plan.jpg\",\"width\":1000,\"height\":666,\"caption\":\"CEO agenda plan\"},{\"@type\":\"BreadcrumbList\",\"@id\":\"https:\/\/www.iese.edu\/standout\/es\/ceos-consejeros\/#breadcrumb\",\"itemListElement\":[{\"@type\":\"ListItem\",\"position\":1,\"name\":\"Home\",\"item\":\"https:\/\/www.iese.edu\/standout\/es\/\"},{\"@type\":\"ListItem\",\"position\":2,\"name\":\"CEOs y Consejeros\"}]},{\"@type\":\"WebSite\",\"@id\":\"https:\/\/www.iese.edu\/standout\/es\/#website\",\"url\":\"https:\/\/www.iese.edu\/standout\/es\/\",\"name\":\"IESE Standout\",\"description\":\"IESE Business School\",\"publisher\":{\"@id\":\"https:\/\/www.iese.edu\/standout\/es\/#organization\"},\"potentialAction\":[{\"@type\":\"SearchAction\",\"target\":{\"@type\":\"EntryPoint\",\"urlTemplate\":\"https:\/\/www.iese.edu\/standout\/es\/?s={search_term_string}\"},\"query-input\":{\"@type\":\"PropertyValueSpecification\",\"valueRequired\":true,\"valueName\":\"search_term_string\"}}],\"inLanguage\":\"es\"},{\"@type\":\"Organization\",\"@id\":\"https:\/\/www.iese.edu\/standout\/es\/#organization\",\"name\":\"IESE Business School\",\"url\":\"https:\/\/www.iese.edu\/standout\/es\/\",\"logo\":{\"@type\":\"ImageObject\",\"inLanguage\":\"es\",\"@id\":\"https:\/\/www.iese.edu\/standout\/es\/#\/schema\/logo\/image\/\",\"url\":\"https:\/\/www.iese.edu\/standout\/wp-content\/uploads\/2020\/11\/Logo-IESE-Business-School.png\",\"contentUrl\":\"https:\/\/www.iese.edu\/standout\/wp-content\/uploads\/2020\/11\/Logo-IESE-Business-School.png\",\"width\":290,\"height\":290,\"caption\":\"IESE Business School\"},\"image\":{\"@id\":\"https:\/\/www.iese.edu\/standout\/es\/#\/schema\/logo\/image\/\"}}]}<\/script>\n<!-- \/ Yoast SEO plugin. -->","yoast_head_json":{"title":"CEOs y Consejeros | StandOut Blog | IESE Business School","description":"En el blog IESE Standout encontrar\u00e1s consejos y estrategias para marcar la diferencia en el Consejo y seguir creciendo con tu empresa.","robots":{"index":"index","follow":"follow","max-snippet":"max-snippet:-1","max-image-preview":"max-image-preview:large","max-video-preview":"max-video-preview:-1"},"canonical":"https:\/\/www.iese.edu\/standout\/es\/ceos-consejeros\/","og_locale":"es_ES","og_type":"article","og_title":"CEOs y Consejeros | StandOut Blog | IESE Business School","og_description":"En el blog IESE Standout encontrar\u00e1s consejos y estrategias para marcar la diferencia en el Consejo y seguir creciendo con tu empresa.","og_url":"https:\/\/www.iese.edu\/standout\/es\/ceos-consejeros\/","og_site_name":"IESE Standout","og_image":[{"width":1000,"height":666,"url":"https:\/\/www.iese.edu\/standout\/wp-content\/uploads\/2020\/11\/CEO-agenda-plan.jpg","type":"image\/jpeg"}],"twitter_card":"summary_large_image","twitter_misc":{"Tiempo de lectura":"1 minuto"},"schema":{"@context":"https:\/\/schema.org","@graph":[{"@type":"WebPage","@id":"https:\/\/www.iese.edu\/standout\/es\/ceos-consejeros\/","url":"https:\/\/www.iese.edu\/standout\/es\/ceos-consejeros\/","name":"CEOs y Consejeros | StandOut Blog | IESE Business School","isPartOf":{"@id":"https:\/\/www.iese.edu\/standout\/es\/#website"},"primaryImageOfPage":{"@id":"https:\/\/www.iese.edu\/standout\/es\/ceos-consejeros\/#primaryimage"},"image":{"@id":"https:\/\/www.iese.edu\/standout\/es\/ceos-consejeros\/#primaryimage"},"thumbnailUrl":"https:\/\/www.iese.edu\/standout\/wp-content\/uploads\/2020\/11\/CEO-agenda-plan.jpg","datePublished":"2020-07-16T21:34:21+00:00","dateModified":"2023-06-21T11:23:06+00:00","description":"En el blog IESE Standout encontrar\u00e1s consejos y estrategias para marcar la diferencia en el Consejo y seguir creciendo con tu empresa.","breadcrumb":{"@id":"https:\/\/www.iese.edu\/standout\/es\/ceos-consejeros\/#breadcrumb"},"inLanguage":"es","potentialAction":[{"@type":"ReadAction","target":["https:\/\/www.iese.edu\/standout\/es\/ceos-consejeros\/"]}]},{"@type":"ImageObject","inLanguage":"es","@id":"https:\/\/www.iese.edu\/standout\/es\/ceos-consejeros\/#primaryimage","url":"https:\/\/www.iese.edu\/standout\/wp-content\/uploads\/2020\/11\/CEO-agenda-plan.jpg","contentUrl":"https:\/\/www.iese.edu\/standout\/wp-content\/uploads\/2020\/11\/CEO-agenda-plan.jpg","width":1000,"height":666,"caption":"CEO agenda plan"},{"@type":"BreadcrumbList","@id":"https:\/\/www.iese.edu\/standout\/es\/ceos-consejeros\/#breadcrumb","itemListElement":[{"@type":"ListItem","position":1,"name":"Home","item":"https:\/\/www.iese.edu\/standout\/es\/"},{"@type":"ListItem","position":2,"name":"CEOs y Consejeros"}]},{"@type":"WebSite","@id":"https:\/\/www.iese.edu\/standout\/es\/#website","url":"https:\/\/www.iese.edu\/standout\/es\/","name":"IESE Standout","description":"IESE Business School","publisher":{"@id":"https:\/\/www.iese.edu\/standout\/es\/#organization"},"potentialAction":[{"@type":"SearchAction","target":{"@type":"EntryPoint","urlTemplate":"https:\/\/www.iese.edu\/standout\/es\/?s={search_term_string}"},"query-input":{"@type":"PropertyValueSpecification","valueRequired":true,"valueName":"search_term_string"}}],"inLanguage":"es"},{"@type":"Organization","@id":"https:\/\/www.iese.edu\/standout\/es\/#organization","name":"IESE Business School","url":"https:\/\/www.iese.edu\/standout\/es\/","logo":{"@type":"ImageObject","inLanguage":"es","@id":"https:\/\/www.iese.edu\/standout\/es\/#\/schema\/logo\/image\/","url":"https:\/\/www.iese.edu\/standout\/wp-content\/uploads\/2020\/11\/Logo-IESE-Business-School.png","contentUrl":"https:\/\/www.iese.edu\/standout\/wp-content\/uploads\/2020\/11\/Logo-IESE-Business-School.png","width":290,"height":290,"caption":"IESE Business School"},"image":{"@id":"https:\/\/www.iese.edu\/standout\/es\/#\/schema\/logo\/image\/"}}]}},"_links":{"self":[{"href":"https:\/\/www.iese.edu\/standout\/es\/wp-json\/wp\/v2\/pages\/2304","targetHints":{"allow":["GET"]}}],"collection":[{"href":"https:\/\/www.iese.edu\/standout\/es\/wp-json\/wp\/v2\/pages"}],"about":[{"href":"https:\/\/www.iese.edu\/standout\/es\/wp-json\/wp\/v2\/types\/page"}],"author":[{"embeddable":true,"href":"https:\/\/www.iese.edu\/standout\/es\/wp-json\/wp\/v2\/users\/1"}],"replies":[{"embeddable":true,"href":"https:\/\/www.iese.edu\/standout\/es\/wp-json\/wp\/v2\/comments?post=2304"}],"version-history":[{"count":10,"href":"https:\/\/www.iese.edu\/standout\/es\/wp-json\/wp\/v2\/pages\/2304\/revisions"}],"predecessor-version":[{"id":5636,"href":"https:\/\/www.iese.edu\/standout\/es\/wp-json\/wp\/v2\/pages\/2304\/revisions\/5636"}],"wp:featuredmedia":[{"embeddable":true,"href":"https:\/\/www.iese.edu\/standout\/es\/wp-json\/wp\/v2\/media\/2030"}],"wp:attachment":[{"href":"https:\/\/www.iese.edu\/standout\/es\/wp-json\/wp\/v2\/media?parent=2304"}],"curies":[{"name":"wp","href":"https:\/\/api.w.org\/{rel}","templated":true}]}}